{"id":4598,"date":"2023-09-29T08:43:55","date_gmt":"2023-09-29T08:43:55","guid":{"rendered":"https:\/\/job.amd-veille.com\/?page_id=4598"},"modified":"2023-09-29T08:49:13","modified_gmt":"2023-09-29T08:49:13","slug":"elementor-4598","status":"publish","type":"page","link":"https:\/\/job.amd-veille.com\/index.php\/elementor-4598\/","title":{"rendered":"Recrutement de 01 ECONOMIC, SOCIAL, CULTURAL RIGHTS (ESCR) RESEARCHER"},"content":{"rendered":"\t\t<div data-elementor-type=\"wp-page\" data-elementor-id=\"4598\" class=\"elementor elementor-4598\">\n\t\t\t\t\t\t\t\t\t<section class=\"elementor-section elementor-top-section elementor-element elementor-element-9d1b020 elementor-section-boxed elementor-section-height-default elementor-section-height-default\" data-id=\"9d1b020\" data-element_type=\"section\">\n\t\t\t\t\t\t<div class=\"elementor-container elementor-column-gap-default\">\n\t\t\t\t\t<div class=\"elementor-column elementor-col-100 elementor-top-column elementor-element elementor-element-2e98dd5\" data-id=\"2e98dd5\" data-element_type=\"column\">\n\t\t\t<div class=\"elementor-widget-wrap elementor-element-populated\">\n\t\t\t\t\t\t\t\t<div class=\"elementor-element elementor-element-e06c487 elementor-widget elementor-widget-heading\" data-id=\"e06c487\" data-element_type=\"widget\" data-widget_type=\"heading.default\">\n\t\t\t\t<div class=\"elementor-widget-container\">\n\t\t\t<style>\/*! elementor - v3.14.0 - 26-06-2023 *\/\n.elementor-heading-title{padding:0;margin:0;line-height:1}.elementor-widget-heading .elementor-heading-title[class*=elementor-size-]>a{color:inherit;font-size:inherit;line-height:inherit}.elementor-widget-heading .elementor-heading-title.elementor-size-small{font-size:15px}.elementor-widget-heading .elementor-heading-title.elementor-size-medium{font-size:19px}.elementor-widget-heading .elementor-heading-title.elementor-size-large{font-size:29px}.elementor-widget-heading .elementor-heading-title.elementor-size-xl{font-size:39px}.elementor-widget-heading .elementor-heading-title.elementor-size-xxl{font-size:59px}<\/style><h2 class=\"elementor-heading-title elementor-size-default\">Recrutement de 01 CHERCHEUR EN DROITS \u00c9CONOMIQUES, SOCIAUX, CULTURELS (DESC)<\/h2>\t\t<\/div>\n\t\t\t\t<\/div>\n\t\t\t\t\t<\/div>\n\t\t<\/div>\n\t\t\t\t\t\t\t<\/div>\n\t\t<\/section>\n\t\t\t\t<section class=\"elementor-section elementor-top-section elementor-element elementor-element-d64dd05 elementor-section-boxed elementor-section-height-default elementor-section-height-default\" data-id=\"d64dd05\" data-element_type=\"section\">\n\t\t\t\t\t\t<div class=\"elementor-container elementor-column-gap-default\">\n\t\t\t\t\t<div class=\"elementor-column elementor-col-100 elementor-top-column elementor-element elementor-element-a556e4d\" data-id=\"a556e4d\" data-element_type=\"column\">\n\t\t\t<div class=\"elementor-widget-wrap elementor-element-populated\">\n\t\t\t\t\t\t\t\t<div class=\"elementor-element elementor-element-208b887 elementor-widget elementor-widget-text-editor\" data-id=\"208b887\" data-element_type=\"widget\" data-widget_type=\"text-editor.default\">\n\t\t\t\t<div class=\"elementor-widget-container\">\n\t\t\t<style>\/*! elementor - v3.14.0 - 26-06-2023 *\/\n.elementor-widget-text-editor.elementor-drop-cap-view-stacked .elementor-drop-cap{background-color:#69727d;color:#fff}.elementor-widget-text-editor.elementor-drop-cap-view-framed .elementor-drop-cap{color:#69727d;border:3px solid;background-color:transparent}.elementor-widget-text-editor:not(.elementor-drop-cap-view-default) .elementor-drop-cap{margin-top:8px}.elementor-widget-text-editor:not(.elementor-drop-cap-view-default) .elementor-drop-cap-letter{width:1em;height:1em}.elementor-widget-text-editor .elementor-drop-cap{float:left;text-align:center;line-height:1;font-size:50px}.elementor-widget-text-editor .elementor-drop-cap-letter{display:inline-block}<\/style>\t\t\t\t<div class=\"latest-tweets-head\"><h4><i>Offre expirant le 22-10-2023<\/i><\/h4><\/div><div class=\"accordionb\"><div class=\"paneh\"><div class=\"col-md-12\"><strong>Localit\u00e9 : Burkina Faso \/ Ouagadougou<\/strong><br \/><strong>Domaine :\u00a0Gestion d&#8217;entreprise<\/strong><br \/><strong>Niveau :\u00a0BAC + 3<\/strong><br \/><strong>Entreprise recruteur :\u00a0APEFE<\/strong><br \/><strong>Adresse : 9GH4+7FP, Ave Babanguida, Zogona, Ouagadougou<\/strong><br \/><strong>T\u00e9l\u00e9phone : 25 36 36 97<\/strong><br \/><h4><span>Recrutement de 01 CHERCHEUR EN DROITS \u00c9CONOMIQUES, SOCIAUX, CULTURELS (DESC)<\/span><br \/><span>Niveau d&#8217;\u00e9tudes: Bac + 3<\/span><br \/><span>Exp\u00e9rience: 5 ans<\/span><br \/><span>Expire le: 02-10-2023<\/span><br \/><br \/><span>Amnesty International<\/span><br \/><span>Abuja, Nigeria<\/span><br \/><span>CHERCHEUR EN DROITS \u00c9CONOMIQUES, SOCIAUX, CULTURELS (DESC) (3880 )<\/span><br \/><br \/><span>Date limite de candidature, 23 h 59, heure du Royaume-Uni, le\u00a02 octobre 2023<\/span><br \/><span>Programme\u00a0: Genre, justice raciale, r\u00e9fugi\u00e9s et migrants<\/span><br \/><span>LieuAbuja, Nigeria<\/span><br \/><span>Type\u00a0: Contrat \u00e0 dur\u00e9e d\u00e9termin\u00e9e<\/span><br \/><span>Combien de mois dure le contrat\u00a0?\u00a0: 24 mois<\/span><br \/><span>Nombre d&#8217;heures de travail hebdomadaires\u00a0: 40<\/span><br \/><span>Salaire\u00a0:\u00a01\u00a0000\u00a0000 Naira nig\u00e9rian par an<\/span><br \/><br \/><span>OBJECTIF DU POSTE\u00a0:<\/span><br \/><span>Le chercheur DESC d\u00e9veloppera et mettra en \u0153uvre des strat\u00e9gies de recherche et de campagne pour avoir un impact sur la promotion de la justice de genre, raciale et intersectionnelle et le renforcement du droit \u00e0 la sant\u00e9, au logement et \u00e0 la s\u00e9curit\u00e9 sociale en fournissant une expertise en recherche, une gestion de recherche, un jugement technique, des analyses, des communications et des repr\u00e9sentations. comp\u00e9tences.<\/span><br \/><br \/><span>\u00c0 PROPOS DE VOUS\u00a0:<\/span><br \/><span>En tant que chercheur DESC, vous devez avoir la capacit\u00e9 d&#8217;exercer des normes \u00e9lev\u00e9es de service aupr\u00e8s d&#8217;un \u00e9ventail de parties prenantes (internes au Bureau national et au mouvement Amnesty, les m\u00e9dias, les gouvernements, les ONG et les b\u00e9n\u00e9ficiaires du travail d&#8217;Amnesty International, entre autres).\u00a0Doit comprendre le travail du bureau d&#8217;Amnesty International Nigeria pour lui permettre de fournir un soutien aux programmes d&#8217;Amnesty International Nigeria et aux parties prenantes.<\/span><br \/><br \/><span>PRINCIPALES RESPONSABILIT\u00c9S\u00a0:<\/span><br \/><span>Mener des recherches et r\u00e9diger des articles sur les droits humains et commander des recherches, le cas \u00e9ch\u00e9ant, sur les contextes des droits humains.<\/span><br \/><span>R\u00e9diger des rapports et d&#8217;autres documents \u00e0 publier en interne et en externe.<\/span><br \/><span>Repr\u00e9senter Amnesty International aupr\u00e8s des parties prenantes externes et communiquer les pr\u00e9occupations, les positions et, le cas \u00e9ch\u00e9ant, des strat\u00e9gies de campagne aupr\u00e8s des parties prenantes externes et internes.<\/span><br \/><span>Contribuer \u00e0 la flexibilit\u00e9 globale de l&#8217;utilisation des ressources, notamment en \u00e9tablissant des priorit\u00e9s, en pr\u00e9parant des plans de travail, en suivant leurs progr\u00e8s et en maintenant les budgets. COMP\u00c9TENCES<\/span><br \/><br \/><span>ET EXP\u00c9RIENCE\u00a0:<\/span><br \/><span>Un baccalaur\u00e9at en sciences sociales, en relations internationales, en droit ou dans une discipline connexe\u00a0;<\/span><br \/><span>Au moins 5 ans d&#8217;exp\u00e9rience de travail dans le domaine des droits de l&#8217;homme et du d\u00e9veloppement.<\/span><br \/><span>Une exp\u00e9rience de travail ou de mise en \u0153uvre de projets de justice de genre, de justice raciale et intersectionnelle et de renforcement du droit \u00e0 la sant\u00e9, au logement et \u00e0 la s\u00e9curit\u00e9 sociale est requise.<\/span><br \/><span>Bonnes comp\u00e9tences en communication orale et \u00e9crite en anglais\u00a0;\u00a0d&#8217;autres langues locales pertinentes ou des langues \u00e9trang\u00e8res suppl\u00e9mentaires souhaitables.<\/span><br \/><span>Veuillez noter que ce poste est bas\u00e9 au Nigeria.\u00a0Seules les personnes l\u00e9galement autoris\u00e9es \u00e0 travailler au Nigeria sont invit\u00e9es \u00e0 postuler pour cet emploi.<\/span><br \/><br \/><span>\u00c0 PROPOS DE NOUS :<\/span><br \/><span>Amnesty International est un mouvement mondial de plus de 10 millions de personnes qui font campagne pour un monde o\u00f9 les droits humains sont respect\u00e9s par tous.\u00a0Nous atteignons presque tous les pays du monde.<\/span><br \/><br \/><span>Notre objectif est simple : mettre fin aux violations des droits de l\u2019homme.\u00a0Ind\u00e9pendants, internationaux et influents, nous faisons campagne pour la justice, l&#8217;\u00e9quit\u00e9, la libert\u00e9 et la v\u00e9rit\u00e9 partout o\u00f9 elles sont refus\u00e9es.\u00a0Et que nous exercions des pressions par le biais de recherches approfondies ou de lobbying direct, de manifestations de masse ou de campagnes en ligne, nous sommes tous inspir\u00e9s par l&#8217;espoir d&#8217;un monde meilleur.\u00a0Un monde o\u00f9 les droits de l\u2019homme sont respect\u00e9s et prot\u00e9g\u00e9s par chacun, partout.<\/span><br \/><br \/><span>\u00c0 Amnesty International, nous sommes passionn\u00e9s par ce que nous faisons et nous sommes fiers de nos r\u00e9alisations en tant que mouvement.\u00a0Pour r\u00e9mun\u00e9rer nos employ\u00e9s pour le travail essentiel qu&#8217;ils accomplissent, nous les r\u00e9compensons par une combinaison d&#8217;un ensemble de salaires et d&#8217;avantages sociaux attractifs et comp\u00e9titifs dans le secteur, de niveaux \u00e9lev\u00e9s d&#8217;engagement et d&#8217;implication et d&#8217;un engagement envers le d\u00e9veloppement des employ\u00e9s.<\/span><br \/><br \/><span>CE QUE NOUS ESP\u00c9RONS QUE VOUS FAITES PROCHAINEMENT<\/span><br \/><span>Si vous \u00eates talentueux, passionn\u00e9 par les droits de l&#8217;homme et que vous souhaitez utiliser vos comp\u00e9tences, vos connaissances et votre exp\u00e9rience pour changer le monde, nous vous encourageons \u00e0 cliquer sur \u00ab\u00a0Postuler pour ce r\u00f4le\u00a0\u00bb ci-dessous.<\/span><br \/><br \/><span>Libert\u00e9, Justice, \u00c9galit\u00e9.\u00a0Mettons-nous au travail.<\/span><br \/><br \/><span>NB Nous nous r\u00e9servons le droit de cl\u00f4turer un poste vacant AVANT la date de cl\u00f4ture en cas de r\u00e9ponse massive ou de changement dans les priorit\u00e9s commerciales. Nous vous recommandons donc de postuler maintenant si vous \u00eates int\u00e9ress\u00e9.<\/span><\/h4><\/div><\/div><\/div>\t\t\t\t\t\t<\/div>\n\t\t\t\t<\/div>\n\t\t\t\t\t<\/div>\n\t\t<\/div>\n\t\t\t\t\t\t\t<\/div>\n\t\t<\/section>\n\t\t\t\t\t\t\t<\/div>\n\t\t","protected":false},"excerpt":{"rendered":"<p>Recrutement de 01 CHERCHEUR EN DROITS \u00c9CONOMIQUES, SOCIAUX, CULTURELS (DESC) Offre expirant le 22-10-2023 Localit\u00e9 : Burkina Faso \/ OuagadougouDomaine :\u00a0Gestion d&#8217;entrepriseNiveau :\u00a0BAC + 3Entreprise recruteur :\u00a0APEFEAdresse : 9GH4+7FP, Ave Babanguida, Zogona, OuagadougouT\u00e9l\u00e9phone : 25 36 36 97 Recrutement de 01 CHERCHEUR EN DROITS \u00c9CONOMIQUES, SOCIAUX, CULTURELS (DESC)Niveau d&#8217;\u00e9tudes: Bac + 3Exp\u00e9rience: 5 ansExpire le:&hellip;<\/p>\n","protected":false},"author":1,"featured_media":0,"parent":0,"menu_order":0,"comment_status":"closed","ping_status":"closed","template":"","meta":[],"_links":{"self":[{"href":"https:\/\/job.amd-veille.com\/index.php\/wp-json\/wp\/v2\/pages\/4598"}],"collection":[{"href":"https:\/\/job.amd-veille.com\/index.php\/wp-json\/wp\/v2\/pages"}],"about":[{"href":"https:\/\/job.amd-veille.com\/index.php\/wp-json\/wp\/v2\/types\/page"}],"author":[{"embeddable":true,"href":"https:\/\/job.amd-veille.com\/index.php\/wp-json\/wp\/v2\/users\/1"}],"replies":[{"embeddable":true,"href":"https:\/\/job.amd-veille.com\/index.php\/wp-json\/wp\/v2\/comments?post=4598"}],"version-history":[{"count":5,"href":"https:\/\/job.amd-veille.com\/index.php\/wp-json\/wp\/v2\/pages\/4598\/revisions"}],"predecessor-version":[{"id":4603,"href":"https:\/\/job.amd-veille.com\/index.php\/wp-json\/wp\/v2\/pages\/4598\/revisions\/4603"}],"wp:attachment":[{"href":"https:\/\/job.amd-veille.com\/index.php\/wp-json\/wp\/v2\/media?parent=4598"}],"curies":[{"name":"wp","href":"https:\/\/api.w.org\/{rel}","templated":true}]}}