{"id":4612,"date":"2023-09-29T09:20:45","date_gmt":"2023-09-29T09:20:45","guid":{"rendered":"https:\/\/job.amd-veille.com\/?page_id=4612"},"modified":"2023-09-29T09:25:53","modified_gmt":"2023-09-29T09:25:53","slug":"elementor-4612","status":"publish","type":"page","link":"https:\/\/job.amd-veille.com\/index.php\/elementor-4612\/","title":{"rendered":"Recrutement de 01 Assistant.e de gestion administrative et financi\u00e8re"},"content":{"rendered":"\t\t<div data-elementor-type=\"wp-page\" data-elementor-id=\"4612\" class=\"elementor elementor-4612\">\n\t\t\t\t\t\t\t\t\t<section class=\"elementor-section elementor-top-section elementor-element elementor-element-99572f8 elementor-section-boxed elementor-section-height-default elementor-section-height-default\" data-id=\"99572f8\" data-element_type=\"section\">\n\t\t\t\t\t\t<div class=\"elementor-container elementor-column-gap-default\">\n\t\t\t\t\t<div class=\"elementor-column elementor-col-100 elementor-top-column elementor-element elementor-element-ece81b8\" data-id=\"ece81b8\" data-element_type=\"column\">\n\t\t\t<div class=\"elementor-widget-wrap elementor-element-populated\">\n\t\t\t\t\t\t\t\t<div class=\"elementor-element elementor-element-fd92a06 elementor-widget elementor-widget-heading\" data-id=\"fd92a06\" data-element_type=\"widget\" data-widget_type=\"heading.default\">\n\t\t\t\t<div class=\"elementor-widget-container\">\n\t\t\t<style>\/*! elementor - v3.14.0 - 26-06-2023 *\/\n.elementor-heading-title{padding:0;margin:0;line-height:1}.elementor-widget-heading .elementor-heading-title[class*=elementor-size-]>a{color:inherit;font-size:inherit;line-height:inherit}.elementor-widget-heading .elementor-heading-title.elementor-size-small{font-size:15px}.elementor-widget-heading .elementor-heading-title.elementor-size-medium{font-size:19px}.elementor-widget-heading .elementor-heading-title.elementor-size-large{font-size:29px}.elementor-widget-heading .elementor-heading-title.elementor-size-xl{font-size:39px}.elementor-widget-heading .elementor-heading-title.elementor-size-xxl{font-size:59px}<\/style><h2 class=\"elementor-heading-title elementor-size-default\">Recrutement de 01 Assistant.e de gestion administrative et financi\u00e8re<\/h2>\t\t<\/div>\n\t\t\t\t<\/div>\n\t\t\t\t\t<\/div>\n\t\t<\/div>\n\t\t\t\t\t\t\t<\/div>\n\t\t<\/section>\n\t\t\t\t<section class=\"elementor-section elementor-top-section elementor-element elementor-element-51487eb elementor-section-boxed elementor-section-height-default elementor-section-height-default\" data-id=\"51487eb\" data-element_type=\"section\">\n\t\t\t\t\t\t<div class=\"elementor-container elementor-column-gap-default\">\n\t\t\t\t\t<div class=\"elementor-column elementor-col-100 elementor-top-column elementor-element elementor-element-b85d583\" data-id=\"b85d583\" data-element_type=\"column\">\n\t\t\t<div class=\"elementor-widget-wrap elementor-element-populated\">\n\t\t\t\t\t\t\t\t<div class=\"elementor-element elementor-element-4fa5bac elementor-widget elementor-widget-text-editor\" data-id=\"4fa5bac\" data-element_type=\"widget\" data-widget_type=\"text-editor.default\">\n\t\t\t\t<div class=\"elementor-widget-container\">\n\t\t\t<style>\/*! elementor - v3.14.0 - 26-06-2023 *\/\n.elementor-widget-text-editor.elementor-drop-cap-view-stacked .elementor-drop-cap{background-color:#69727d;color:#fff}.elementor-widget-text-editor.elementor-drop-cap-view-framed .elementor-drop-cap{color:#69727d;border:3px solid;background-color:transparent}.elementor-widget-text-editor:not(.elementor-drop-cap-view-default) .elementor-drop-cap{margin-top:8px}.elementor-widget-text-editor:not(.elementor-drop-cap-view-default) .elementor-drop-cap-letter{width:1em;height:1em}.elementor-widget-text-editor .elementor-drop-cap{float:left;text-align:center;line-height:1;font-size:50px}.elementor-widget-text-editor .elementor-drop-cap-letter{display:inline-block}<\/style>\t\t\t\t<div class=\"latest-tweets-head\"><h4><i>Offre expirant le 10-10-2023<\/i><\/h4><\/div><div class=\"accordionb\"><div class=\"paneh\"><div class=\"col-md-12\"><p>Localit\u00e9 : Burkina Faso \/ Ouagadougou<br \/>Domaine :\u00a0Finance \/ comptabilit\u00e9<br \/>Niveau :\u00a0Non precise<br \/>Entreprise recruteur :\u00a0APEFE<\/p><p>Adresse : 9GH4+7FP, Ave Babanguida, Zogona, Ouagadougou<br \/>T\u00e9l\u00e9phone : 25 36 36 97<\/p><h4>Recrutement de 01 Assistant.e de gestion administrative et financi\u00e8re<br \/>Assistant.e de gestion administrative et financi\u00e8re<\/h4><h4>Contexte et justification<br \/>L\u2019APEFE est l\u2019agence de coop\u00e9ration internationale de la F\u00e9d\u00e9ration Wallonie-Bruxelles et de la Wallonie. Elle intervient au Burkina Faso depuis 1996 en tant qu\u2019acteur de la coop\u00e9ration non gouvernementale belge. Depuis 2014, l\u2019APEFE apporte un appui technique et financier au Burkina Faso dans la mise en \u0153uvre de l\u2019Initiative de la Grande Muraille Verte pour le Sahara et le Sahel (IGMVSS). Pour la p\u00e9riode 2022-2026, l\u2019APEFE met en \u0153uvre (sous financement de la coop\u00e9ration belge au d\u00e9veloppement) le \u00ab programme de Restauration des Ecosyst\u00e8me dans la r\u00e9gion du Plateau Central \u00bb avec le Minist\u00e8re de l\u2019Environnement, de l\u2019Eau et de l\u2019Assainissement (MEEA), \u00e0 travers la coordination Nationale de l\u2019Initiative de la Grande Muraille Verte pour le Sahara et le Sahel (CN-IGMVSS). Dans le cadre du Portefeuille Th\u00e9matique Climat au Sahel \u2013 volet Burkina Faso (PTCS-BFA) impl\u00e9ment\u00e9 par Enabel, l\u2019APEFE a \u00e9t\u00e9 identifi\u00e9e pour la conduite du volet gouvernance en appui \u00e0 la mise \u0153uvre de l\u2019Initiative de la Grande Muraille Verte. Ce projet intitul\u00e9 \u00ab Appuis au syst\u00e8me de suivi-\u00e9valuation de l\u2019IGMVSS et aux communes pour la mobilisation de fonds en mati\u00e8re de gestion durables des ressources naturelles \u00bb \u00e0 une dur\u00e9e de 3 ans (juillet 2023-septembre 2026). L\u2019objectif g\u00e9n\u00e9ral du projet est de contribuer \u00e0 l\u2019am\u00e9lioration de la gestion int\u00e9gr\u00e9e des ressources naturelles et la restauration de mani\u00e8re durable des \u00e9cosyst\u00e8mes naturels du Sahel afin de renforcer la r\u00e9silience des populations dans treize communes dans les r\u00e9gions du Centre Est, du Centre Nord et du Plateau Central. Le projet vise \u00e0 atteindre les r\u00e9sultats suivants :<\/h4><h4>&#8211; Les cadres de suivi-\u00e9valuation, capitalisation et dialogue port\u00e9s par la Coordination Nationale de la Grande Muraille Verte sont renforc\u00e9s en coh\u00e9rence avec ceux pr\u00e9conis\u00e9s par l\u2019Agence Panafricaine de la Grande Muraille Verte ;<\/h4><h4>&#8211; Les collectivit\u00e9s territoriales ainsi que les organisations intervenant dans le domaine de la gestion durable des terres disposent de comp\u00e9tences techniques n\u00e9cessaires pour la mobilisation des fonds li\u00e9s \u00e0 la gestion des ressources naturelles et aux changements climatiques.<\/h4><h4>Les pr\u00e9sents TDRs concernent le recrutement par l\u2019APEFE d\u2019un.e assistant.e de gestion Administrative et Financi\u00e8re (AAF)<\/h4><h4>Profil de l\u2019Assistant.e de gestion Administrative et Financi\u00e8re<\/h4><h4>Dipl\u00f4me principal et exp\u00e9rience professionnelle exig\u00e9s :<\/h4><h4>&#8211; Dipl\u00f4me de licence ou maitrise (BAC+4) dans le domaine de la comptabilit\u00e9 et Finance, de l\u2019\u00e9conomie et gestion, ou tout autre dipl\u00f4me connexe ;<\/h4><h4>&#8211; 5 ans d\u2019exp\u00e9rience pertinente dans la gestion administrative et financi\u00e8re d\u2019entreprises ou de projets de d\u00e9veloppement ;<\/h4><h4>Qualit\u00e9s et comp\u00e9tence :<\/h4><h4>Parfaite ma\u00eetrise du fran\u00e7ais (langue de travail du projet) ;<br \/>Bonne capacit\u00e9 d\u2019analyse, de r\u00e9daction et de synth\u00e8se ;<br \/>Bonne maitrise des logiciels Office (Word, Excel, Powerpoint) et l\u2019outil Internet ;<br \/>Capable de travailler de fa\u00e7on autonome en respectant les d\u00e9lais d\u2019ex\u00e9cution des activit\u00e9s et d\u2019atteinte de r\u00e9sultats (esprit d\u2019initiative et rigueur) ;<br \/>Avoir le sens des relations humaines et les aptitudes pour travailler en \u00e9quipe.<\/h4><h4>Connaissances sp\u00e9cifiques consid\u00e9r\u00e9es comme un atout<\/h4><h4>Connaissances du secteur de l\u2019environnement et de la sant\u00e9 ;<br \/>Avoir une exp\u00e9rience pertinente en gestion de l\u2019ensemble des proc\u00e9dures de passation de march\u00e9 (r\u00e9daction de DAO, lancement de DAO, r\u00e9ception des offres, ouverture et d\u2019analyse des offres, attribution du march\u00e9, \u00e9laboration et signature de contrats, bon de commande, suivi de l\u2019ex\u00e9cution du march\u00e9 ; proc\u00e9dures de r\u00e9ception, v\u00e9rifications de factures, paiement et archivage) ;<br \/>Lien avec l\u2019Europe, la Belgique la Wallonie et\/ ou la f\u00e9d\u00e9ration Wallonie Bruxelles<br \/>Description des fonctions<br \/>Sous la supervision de l\u2019Administrateur de programmes APEFE et en accord avec l\u2019AAF principale, l\u2019Assistant.e de gestion administrative et financi\u00e8re aura pour t\u00e2ches :<\/h4><h4>Suivi administratif :<\/h4><h4>&#8211; Gestion du courrier (postal et mail) ; r\u00e9daction de courrier ; envoi de courriers ;<\/h4><h4>&#8211; R\u00e9daction et relecture de PV, rapport, comptes rendus et divers document li\u00e9s \u00e0 l\u2019activit\u00e9 de l\u2019action, du bureau APEFE<\/h4><h4>&#8211; Classement des documents et archivage ;<\/h4><h4>Suivi comptable :<\/h4><h4>&#8211; Saisie des op\u00e9rations comptables sur le logiciel en ligne de l\u2019APEFE ;<\/h4><h4>&#8211; R\u00e9alisation et v\u00e9rification des r\u00e9conciliations bancaires ;<\/h4><h4>&#8211; Classement des pi\u00e8ces comptables ;<\/h4><h4>&#8211; Suivi des devis et facturations ; pr\u00e9paration des paiements ;<\/h4><h4>&#8211; Suivi de la tr\u00e9sorerie ;<\/h4><h4>&#8211; Appui \u00e0 la pr\u00e9paration des bilans annuels comptable.<\/h4><h4>Gestion logistique :<\/h4><h4>&#8211; Recherche et r\u00e9servation de salles de formation ;<\/h4><h4>&#8211; Gestion et suivi des missions nationales ou internationales ;<\/h4><h4>&#8211; Appui \u00e0 l\u2019organisation des rencontres, des comit\u00e9s de suivi et des comit\u00e9s de pilotage.<\/h4><h4>Gestion des march\u00e9s public<\/h4><h4>&#8211; Appui \u00e0 l\u2019\u00e9laboration des dossiers d\u2019appel d\u2019offre de l\u2019action<\/h4><h4>&#8211; Suivi de toute la proc\u00e9dure de passation de march\u00e9<\/h4><h4>&#8211; Suivi de l\u2019ex\u00e9cution des march\u00e9s<\/h4><h4>&#8211; Mise \u00e0 jour des tableaux de DAO.<\/h4><h4>L\u2019AAF accomplit en fonction des n\u00e9cessit\u00e9s de service, toute autre t\u00e2che ou mission sur instruction de l\u2019administrateur de programmes et en accord avec l\u2019assistante administrative et financi\u00e8re principal du bureau APEFE.<\/h4><h4>5. Processus de s\u00e9lection<br \/>5.1. Analyse des dossiers<\/h4><h4>&#8211; Les dossiers des candidats seront pr\u00e9s\u00e9lectionn\u00e9s en v\u00e9rifiant la pr\u00e9sence et la validit\u00e9 des pi\u00e8ces demand\u00e9es. Les candidatures dont le dossier n\u2019est pas complet seront rejet\u00e9es ;<\/h4><h4>&#8211; La seconde \u00e9tape consistera \u00e0 l\u2019\u00e9valuation du profil du candidat par rapport aux qualifications demand\u00e9es. Cette \u00e9valuation se fera en confrontant les CV, les dipl\u00f4mes et les attestations soumises aux qualifications demand\u00e9es dans l\u2019appel \u00e0 candidature et dans les pr\u00e9sents TDR ;<\/h4><h4>La qualit\u00e9 de la lettre de motivation sera \u00e9galement \u00e9tudi\u00e9e.<\/h4><h4>5.2. Entretien de s\u00e9lection finale avec un jury<\/h4><h4>Les candidats pr\u00e9s\u00e9lectionn\u00e9s passeront un interview devant un Jury<\/h4><h4>Un bar\u00e8me d\u2019\u00e9valuation sera adopt\u00e9 par le jury avant les entretiens avec les candidats. Il portera sur :<\/h4><h4>&#8211; la pr\u00e9sentation personnelle des candidats ;<\/h4><h4>&#8211; la motivation exprim\u00e9e ;<\/h4><h4>&#8211; les comp\u00e9tences ;<\/h4><h4>&#8211; les ambitions personnelles ;<\/h4><h4>&#8211; la curiosit\u00e9 exprim\u00e9e, l\u2019int\u00e9r\u00eat par rapport \u00e0 l\u2019emploi \u00e0 occuper.<\/h4><h4>La notation finale des candidats sur base du bar\u00e8me adopt\u00e9 d\u00e9terminera le ou la candidat.e retenu.e.<\/h4><h4>6. Dur\u00e9e et nature du contrat<br \/>Le ou la candidat.e s\u00e9lectionn\u00e9.e sera recrut\u00e9.e sur la base d\u2019un contrat \u00e0 dur\u00e9e ind\u00e9termin\u00e9e. Le financement du poste est assur\u00e9 jusqu\u2019au 30 septembre 2026.<\/h4><h4>7. Lieu d\u2019affectation<br \/>Le lieu d\u2019affectation est la ville de Ouagadougou, avec des possibilit\u00e9s de d\u00e9placements vers les zones d\u2019intervention de l\u2019APEFE.<\/h4><\/div><\/div><\/div>\t\t\t\t\t\t<\/div>\n\t\t\t\t<\/div>\n\t\t\t\t\t<\/div>\n\t\t<\/div>\n\t\t\t\t\t\t\t<\/div>\n\t\t<\/section>\n\t\t\t\t\t\t\t<\/div>\n\t\t","protected":false},"excerpt":{"rendered":"<p>Recrutement de 01 Assistant.e de gestion administrative et financi\u00e8re Offre expirant le 10-10-2023 Localit\u00e9 : Burkina Faso \/ OuagadougouDomaine :\u00a0Finance \/ comptabilit\u00e9Niveau :\u00a0Non preciseEntreprise recruteur :\u00a0APEFE Adresse : 9GH4+7FP, Ave Babanguida, Zogona, OuagadougouT\u00e9l\u00e9phone : 25 36 36 97 Recrutement de 01 Assistant.e de gestion administrative et financi\u00e8reAssistant.e de gestion administrative et financi\u00e8re Contexte et justificationL\u2019APEFE&hellip;<\/p>\n","protected":false},"author":1,"featured_media":0,"parent":0,"menu_order":0,"comment_status":"closed","ping_status":"closed","template":"","meta":[],"_links":{"self":[{"href":"https:\/\/job.amd-veille.com\/index.php\/wp-json\/wp\/v2\/pages\/4612"}],"collection":[{"href":"https:\/\/job.amd-veille.com\/index.php\/wp-json\/wp\/v2\/pages"}],"about":[{"href":"https:\/\/job.amd-veille.com\/index.php\/wp-json\/wp\/v2\/types\/page"}],"author":[{"embeddable":true,"href":"https:\/\/job.amd-veille.com\/index.php\/wp-json\/wp\/v2\/users\/1"}],"replies":[{"embeddable":true,"href":"https:\/\/job.amd-veille.com\/index.php\/wp-json\/wp\/v2\/comments?post=4612"}],"version-history":[{"count":5,"href":"https:\/\/job.amd-veille.com\/index.php\/wp-json\/wp\/v2\/pages\/4612\/revisions"}],"predecessor-version":[{"id":4617,"href":"https:\/\/job.amd-veille.com\/index.php\/wp-json\/wp\/v2\/pages\/4612\/revisions\/4617"}],"wp:attachment":[{"href":"https:\/\/job.amd-veille.com\/index.php\/wp-json\/wp\/v2\/media?parent=4612"}],"curies":[{"name":"wp","href":"https:\/\/api.w.org\/{rel}","templated":true}]}}